{"id":2212,"date":"2020-12-01T11:34:48","date_gmt":"2020-12-01T10:34:48","guid":{"rendered":"https:\/\/musiculum.de\/?page_id=2212"},"modified":"2025-11-13T08:26:11","modified_gmt":"2025-11-13T07:26:11","slug":"mediathek","status":"publish","type":"page","link":"https:\/\/musiculum.de\/index.php\/mediathek\/","title":{"rendered":"Mediathek"},"content":{"rendered":"<div id=\"pg-2212-0\"  class=\"panel-grid\" ><div class=\"panel-grid-core\"><div id=\"pgc-2212-0-0\"  class=\"panel-grid-cell\" ><div class=\"panel-widget-style\" >\t\t\t<div class=\"textwidget\"><h2>Material<\/h2>\n<p>Hier befinden sich Handreichungen und Dokumente \u00fcber unsere Projekte.<\/p>\n<\/div>\n\t\t<\/div><\/div><\/div><\/div><div id=\"pg-2212-1\"  class=\"panel-grid\" ><div class=\"panel-grid-core\"><div id=\"pgc-2212-1-0\"  class=\"panel-grid-cell\" ><div class=\"panel-widget-style\" ><div class=\"divider\"><\/div><\/div><\/div><\/div><\/div><div id=\"pg-2212-2\"  class=\"panel-grid\" ><div class=\"panel-grid-core\"><div id=\"pgc-2212-2-0\"  class=\"panel-grid-cell\" ><div class=\"panel-widget-style\" ><p style=\"\"><img decoding=\"async\" src=\"https:\/\/musiculum.de\/wp-content\/uploads\/2016\/12\/musiculum_kulturkiste_2016_02-320x213.jpg\" alt=\"\" style=\"\" \/><\/p><\/div><\/div><div id=\"pgc-2212-2-1\"  class=\"panel-grid-cell\" ><div class=\"panel-widget-style\" >\t\t\t<div class=\"textwidget\"><h4>Kulturkiste als kulturelles Angebot f\u00fcr gefl\u00fcchtete Kinder und Jugendliche<\/h4>\n<p>Bundesweit ist die kulturelle Bildung f\u00fcr Kinder und Jugendliche mit Fluchterfahrung ein wichtiges Thema. Als Beitrag f\u00fcr ein sinnvolles Angebot hat das musiculum gemeinsam mit dem Ministerium f\u00fcr Justiz, Kultur und Europa Schleswig-Holstein die \u201eKulturkiste\u201c entwickelt. In Zusammenarbeit mit Kulturvermittlerinnen und Kulturvermittlern wurden die verschiedenen in der Kulturkiste enthaltenen Gegenst\u00e4nde vor Ort in den Einrichtungen zusammen mit ehrenamtlich t\u00e4tigen Personen erprobt. Eine Handreichung zur Kiste bot weitere Unterst\u00fctzung.<\/p>\n<p><strong><a href=\"http:\/\/musiculum.de\/wp-content\/uploads\/2016\/05\/kulturkiste_handreichung_2016_01.pdf\" target=\"_blank\" rel=\"noopener\">Download Handreichung<\/a><\/strong><\/p>\n<\/div>\n\t\t<\/div><\/div><\/div><\/div><div id=\"pg-2212-3\"  class=\"panel-grid\" ><div class=\"panel-grid-core\"><div id=\"pgc-2212-3-0\"  class=\"panel-grid-cell\" ><div class=\"panel-widget-style\" ><div class=\"divider\"><\/div><\/div><\/div><\/div><\/div><div id=\"pg-2212-4\"  class=\"panel-grid\" ><div class=\"panel-grid-core\"><div id=\"pgc-2212-4-0\"  class=\"panel-grid-cell\" ><div class=\"panel-widget-style\" >\t\t\t<div class=\"textwidget\"><h2>Videos<\/h2>\n<p>Auch im Bereich Medien-Produktion ist das musiculum aktiv. An dieser Stelle eine Auswahl an Videos, die im Rahmen von Projekten gestaltet worden oder anderweitig f\u00fcr das musiculum produziert worden sind &#8211; nat\u00fcrlich stehen dabei stets Instrumente, Akustik und Sinne sowie Kinder und Jugendliche im Mittelpunkt.<\/p>\n<h3>Kategorien<\/h3>\n<ul>\n<li><strong><a href=\"#aktuelles\">Aktuelles<\/a><\/strong><\/li>\n<li><strong><a href=\"#projekte\">Projekte mit Kindern und Jugendlichen<\/a><\/strong><\/li>\n<li><strong><a href=\"#basteln\">Basteln<\/a><\/strong><\/li>\n<li><strong><a href=\"#image\">musiculum und musiculum MOBIL stellen sich vor<\/a><\/strong><\/li>\n<\/ul>\n<\/div>\n\t\t<\/div><\/div><\/div><\/div><div id=\"pg-2212-5\"  class=\"panel-grid\" ><div class=\"panel-grid-core\"><div id=\"pgc-2212-5-0\"  class=\"panel-grid-cell\" ><div class=\"panel-widget-style\" ><div class=\"divider\"><\/div><\/div><\/div><\/div><\/div><div id=\"pg-2212-6\"  class=\"panel-grid\" ><div class=\"panel-grid-core\"><div id=\"pgc-2212-6-0\"  class=\"panel-grid-cell\" ><div class=\"panel-widget-style\" >\t\t\t<div class=\"textwidget\"><h3 id=\"aktuelles\">Aktuelles<\/h3>\n<\/div>\n\t\t<\/div><\/div><\/div><\/div><div id=\"pg-2212-7\"  class=\"panel-grid\" ><div class=\"panel-grid-core\"><div id=\"pgc-2212-7-0\"  class=\"panel-grid-cell\" ><div class=\"panel-widget-style\" ><div class=\"lyte-wrapper fourthree\" style=\"width:480px;max-width:100%;margin:5px;\"><div class=\"lyMe\" id=\"WYL_2S7SSbu9aJI\"><div id=\"lyte_2S7SSbu9aJI\" data-src=\"https:\/\/musiculum.de\/wp-content\/plugins\/wp-youtube-lyte\/lyteCache.php?origThumbUrl=%2F%2Fi.ytimg.com%2Fvi%2F2S7SSbu9aJI%2Fhqdefault.jpg\" class=\"pL\"><div class=\"tC\"><div class=\"tT\"><\/div><\/div><div class=\"play\"><\/div><div class=\"ctrl\"><div class=\"Lctrl\"><\/div><div class=\"Rctrl\"><\/div><\/div><\/div><noscript><a href=\"https:\/\/youtu.be\/2S7SSbu9aJI\" rel=\"nofollow\"><img loading=\"lazy\" decoding=\"async\" src=\"https:\/\/musiculum.de\/wp-content\/plugins\/wp-youtube-lyte\/lyteCache.php?origThumbUrl=https%3A%2F%2Fi.ytimg.com%2Fvi%2F2S7SSbu9aJI%2F0.jpg\" alt=\"YouTube video thumbnail\" width=\"480\" height=\"340\" \/><br \/>Watch this video on YouTube<\/a><\/noscript><\/div><\/div><div class=\"lL\" style=\"max-width:100%;width:480px;margin:5px;\"><br\/><span class=\"lyte_disclaimer\">Durch das Abspielen werden auf externe Inhalte zugegriffen. Mehr auf unserer <a href=\"https:\/\/musiculum.de\/index.php\/datenschutz\">Datenschutzerkl\u00e4rung<\/a><\/span><\/div><\/div><\/div><div id=\"pgc-2212-7-1\"  class=\"panel-grid-cell\" ><div class=\"panel-widget-style\" >\t\t\t<div class=\"textwidget\"><h4>Kurzfilm &#8220;Wirbel im musiculum&#8221; (Kooperation musiculum, Theater Kiel, NDR Discover Music Hamburg)<\/h4>\n<p>Im Rahmen einer Kooperation zwischen musiculum Kiel, Theater Kiel und NDR Discover Music wurde im Sommer 2020 der Film &#8220;Wirbel im musiculum&#8221; gestaltet. Die Proben fanden im Juli 2020 im musiculum statt.<br \/>\nWelches Instrument klingt wie ein L\u00f6we? Was haben Gie\u00dfkanne und Horn miteinander zu tun? Und wie telefoniert man im musiculum?<br \/>\nZu Coronazeiten hatten wir einen stummen und sehr neugierigen Gast, der sich sogar bis in den Konzertsaal verirrt hatte. Klammheimlich haben wir ihn ein klitzekleines bisschen gefilmt. Mitten im Konzert wollte er uns sagen, von welchem Komponisten die Musik stammt, die er gerade h\u00f6rt. Aber da man im Konzert ja nicht einfach drauflos reden kann, musste unser Gast sich etwas einfallen lassen. Und so klebte er die Buchstaben auf H\u00fcte, die er dann den Musikern aufsetzte. Seht selbst! Vielleicht habt Ihr ja noch andere Ideen? Spielt doch mal mit dem Namen &#8220;Mozart&#8221; herum &#8211; schreibt, malt, bastelt, macht eine Collage, nutzt Zeichensprache, spielt eine Charade &#8211; und schickt uns ein Foto. Wir sind gespannt!<\/p>\n<\/div>\n\t\t<\/div><\/div><\/div><\/div><div id=\"pg-2212-8\"  class=\"panel-grid\" ><div class=\"panel-grid-core\"><div id=\"pgc-2212-8-0\"  class=\"panel-grid-cell\" ><div class=\"panel-widget-style\" ><div class=\"lyte-wrapper fourthree\" style=\"width:480px;max-width:100%;margin:5px;\"><div class=\"lyMe\" id=\"WYL_nlVDUfm3QNI\"><div id=\"lyte_nlVDUfm3QNI\" data-src=\"https:\/\/musiculum.de\/wp-content\/plugins\/wp-youtube-lyte\/lyteCache.php?origThumbUrl=%2F%2Fi.ytimg.com%2Fvi%2FnlVDUfm3QNI%2Fhqdefault.jpg\" class=\"pL\"><div class=\"tC\"><div class=\"tT\"><\/div><\/div><div class=\"play\"><\/div><div class=\"ctrl\"><div class=\"Lctrl\"><\/div><div class=\"Rctrl\"><\/div><\/div><\/div><noscript><a href=\"https:\/\/youtu.be\/nlVDUfm3QNI\" rel=\"nofollow\"><img loading=\"lazy\" decoding=\"async\" src=\"https:\/\/musiculum.de\/wp-content\/plugins\/wp-youtube-lyte\/lyteCache.php?origThumbUrl=https%3A%2F%2Fi.ytimg.com%2Fvi%2FnlVDUfm3QNI%2F0.jpg\" alt=\"YouTube video thumbnail\" width=\"480\" height=\"340\" \/><br \/>Watch this video on YouTube<\/a><\/noscript><\/div><\/div><div class=\"lL\" style=\"max-width:100%;width:480px;margin:5px;\"><br\/><span class=\"lyte_disclaimer\">Durch das Abspielen werden auf externe Inhalte zugegriffen. Mehr auf unserer <a href=\"https:\/\/musiculum.de\/index.php\/datenschutz\">Datenschutzerkl\u00e4rung<\/a><\/span><\/div><\/div><\/div><div id=\"pgc-2212-8-1\"  class=\"panel-grid-cell\" ><div class=\"panel-widget-style\" >\t\t\t<div class=\"textwidget\"><h4>musiculum in Corona-Zeiten &#8211; &#8220;Die Instrumente schlafen&#8221;<\/h4>\n<p>Wir haben diese herausfordernden Zeiten zum Anlass genommen, ein Musikvideo zu gestalten: &#8220;Die Instrumente schlafen&#8221;. Zum Anschauen hier oben auf das Bild \u00fcber diesem Text klicken.<\/p>\n<div>Musiker*innen: Anne Hermans, Zo\u00eb Rode, Mareike Irsigler, Naomi Montero Suero, Reinhard Conen, Ulrike Schoneberg, Marret Claussen, Thomas B\u00f6ttcher<br \/>\nText &amp; Bearbeitung: Reinhard Conen<br \/>\nMusik: Gerald Marks<\/div>\n<\/div>\n\t\t<\/div><\/div><\/div><\/div><div id=\"pg-2212-9\"  class=\"panel-grid\" ><div class=\"panel-grid-core\"><div id=\"pgc-2212-9-0\"  class=\"panel-grid-cell\" ><div class=\"panel-widget-style\" ><div class=\"divider\"><\/div><\/div><\/div><\/div><\/div><div id=\"pg-2212-10\"  class=\"panel-grid\" ><div class=\"panel-grid-core\"><div id=\"pgc-2212-10-0\"  class=\"panel-grid-cell\" ><div class=\"panel-widget-style\" >\t\t\t<div class=\"textwidget\"><h3 id=\"projekte\">Projekte mit Kindern und Jugendlichen<\/h3>\n<\/div>\n\t\t<\/div><\/div><\/div><\/div><div id=\"pg-2212-11\"  class=\"panel-grid\" ><div class=\"panel-grid-core\"><div id=\"pgc-2212-11-0\"  class=\"panel-grid-cell\" ><div class=\"panel-widget-style\" ><div class=\"lyte-wrapper fourthree\" style=\"width:480px;max-width:100%;margin:5px;\"><div class=\"lyMe\" id=\"WYL_dO5y3zDRSHc\"><div id=\"lyte_dO5y3zDRSHc\" data-src=\"https:\/\/musiculum.de\/wp-content\/plugins\/wp-youtube-lyte\/lyteCache.php?origThumbUrl=%2F%2Fi.ytimg.com%2Fvi%2FdO5y3zDRSHc%2Fhqdefault.jpg\" class=\"pL\"><div class=\"tC\"><div class=\"tT\"><\/div><\/div><div class=\"play\"><\/div><div class=\"ctrl\"><div class=\"Lctrl\"><\/div><div class=\"Rctrl\"><\/div><\/div><\/div><noscript><a href=\"https:\/\/youtu.be\/dO5y3zDRSHc\" rel=\"nofollow\"><img loading=\"lazy\" decoding=\"async\" src=\"https:\/\/musiculum.de\/wp-content\/plugins\/wp-youtube-lyte\/lyteCache.php?origThumbUrl=https%3A%2F%2Fi.ytimg.com%2Fvi%2FdO5y3zDRSHc%2F0.jpg\" alt=\"YouTube video thumbnail\" width=\"480\" height=\"340\" \/><br \/>Watch this video on YouTube<\/a><\/noscript><\/div><\/div><div class=\"lL\" style=\"max-width:100%;width:480px;margin:5px;\"><br\/><span class=\"lyte_disclaimer\">Durch das Abspielen werden auf externe Inhalte zugegriffen. Mehr auf unserer <a href=\"https:\/\/musiculum.de\/index.php\/datenschutz\">Datenschutzerkl\u00e4rung<\/a><\/span><\/div><\/div><\/div><div id=\"pgc-2212-11-1\"  class=\"panel-grid-cell\" ><div class=\"panel-widget-style\" >\t\t\t<div class=\"textwidget\"><h4>Rhythmus und Stimme kreativ &#8211; Kooperationsprojekt des musiculums, der Klaus-Groth-Gemeinschaftsschule mit Grundschulteil und Frequenz Kiel e.V.<\/h4>\n<p>Von August 2021 bis Dezember 2022 bot das musiculum f\u00fcr Kinder des ersten und zweiten Jahrgangs der Klaus-Groth-Schule den w\u00f6chentlichen Kurs \u201eRhythmus und Stimme kreativ\u201c an. Unter den Schwerpunkten \u201eRhythmus\u201c und \u201eStimme\u201c lernten die Teilnehmenden verschiedene Lieder kennen, musizierten ein- und mehrstimmig und besch\u00e4ftigten sich mit Cajon und Djembe. Auch Bewegung und Tanz kamen in den kreativen Stunden nicht zu kurz. Die Kinder absolvierten insgesamt drei Auftritte w\u00e4hrend der Projektzeit und einen Videodreh.<\/p>\n<p>Das Projekt wurde realisiert \u00fcber die F\u00f6rderung \u201eMusik f\u00fcr alle\u201c des Bundesverbandes Chor &amp; Orchester e.V. Diese geh\u00f6rt zur Initiative \u201eKultur macht stark\u201c des Bundesministeriums f\u00fcr Bildung und Forschung.<\/p>\n<p>Projektleitung: Samirah Al-Amrie, Micho Mandelkow, Meike Seeger<\/p>\n<\/div>\n\t\t<\/div><\/div><\/div><\/div><div id=\"pg-2212-12\"  class=\"panel-grid\" ><div class=\"panel-grid-core\"><div id=\"pgc-2212-12-0\"  class=\"panel-grid-cell\" ><div class=\"panel-widget-style\" ><div class=\"lyte-wrapper fourthree\" style=\"width:480px;max-width:100%;margin:5px;\"><div class=\"lyMe\" id=\"WYL_BuiZDz4LEDA\"><div id=\"lyte_BuiZDz4LEDA\" data-src=\"https:\/\/musiculum.de\/wp-content\/plugins\/wp-youtube-lyte\/lyteCache.php?origThumbUrl=%2F%2Fi.ytimg.com%2Fvi%2FBuiZDz4LEDA%2Fhqdefault.jpg\" class=\"pL\"><div class=\"tC\"><div class=\"tT\"><\/div><\/div><div class=\"play\"><\/div><div class=\"ctrl\"><div class=\"Lctrl\"><\/div><div class=\"Rctrl\"><\/div><\/div><\/div><noscript><a href=\"https:\/\/youtu.be\/BuiZDz4LEDA\" rel=\"nofollow\"><img loading=\"lazy\" decoding=\"async\" src=\"https:\/\/musiculum.de\/wp-content\/plugins\/wp-youtube-lyte\/lyteCache.php?origThumbUrl=https%3A%2F%2Fi.ytimg.com%2Fvi%2FBuiZDz4LEDA%2F0.jpg\" alt=\"YouTube video thumbnail\" width=\"480\" height=\"340\" \/><br \/>Watch this video on YouTube<\/a><\/noscript><\/div><\/div><div class=\"lL\" style=\"max-width:100%;width:480px;margin:5px;\"><br\/><span class=\"lyte_disclaimer\">Durch das Abspielen werden auf externe Inhalte zugegriffen. Mehr auf unserer <a href=\"https:\/\/musiculum.de\/index.php\/datenschutz\">Datenschutzerkl\u00e4rung<\/a><\/span><\/div><\/div><\/div><div id=\"pgc-2212-12-1\"  class=\"panel-grid-cell\" ><div class=\"panel-widget-style\" >\t\t\t<div class=\"textwidget\"><h4>Lernsommer 2020 &#8211; Ferienprojekt &#8220;Wie schreibe ich ein eigenes Lied?&#8221;<\/h4>\n<p>Im Juli 2020 fand in der Adolf-Reichwein-Schule in Kiel das einw\u00f6chige Ferienprojekt \u201eWie schreibe ich ein eigenes Lied?\u201c im Rahmen des Lernsommers 2020 statt. Unter fachkundiger Anleitung der S\u00e4ngering Maya Mo komponierten die teilnehmenden Sch\u00fcler*innen gemeinsam einen eigenen Song und \u00fcbten sich darin, ihn ausdrucksstark und ansprechend live darzubieten. Der Lernsommer 2020 war ein durch die Initiative &#8220;Kultur macht stark&#8221; des Bundesministeriums f\u00fcr Bildung und Forschung gef\u00f6rdertes Projekt. Organisiert durch das musiculum und realisiert \u00fcber die F\u00f6rderung \u201eMusik f\u00fcr alle\u201c des Bundesverbandes Chor &amp; Orchester e.V. konnte das Song-Writing-Projekt in dieser Form stattfinden. Die Kinder waren mit freudigem Engamgent und gro\u00dfer Begeisterung bei der Sache. Das hier pr\u00e4sentierte kurze Dokumentations-Video l\u00e4sst alle Interessierten am Projekt teilhaben.<\/p>\n<\/div>\n\t\t<\/div><\/div><\/div><\/div><div id=\"pg-2212-13\"  class=\"panel-grid\" ><div class=\"panel-grid-core\"><div id=\"pgc-2212-13-0\"  class=\"panel-grid-cell\" ><div class=\"panel-widget-style\" ><div class=\"lyte-wrapper fourthree\" style=\"width:480px;max-width:100%;margin:5px;\"><div class=\"lyMe\" id=\"WYL_8n0liQ5FCbs\"><div id=\"lyte_8n0liQ5FCbs\" data-src=\"https:\/\/musiculum.de\/wp-content\/plugins\/wp-youtube-lyte\/lyteCache.php?origThumbUrl=%2F%2Fi.ytimg.com%2Fvi%2F8n0liQ5FCbs%2Fhqdefault.jpg\" class=\"pL\"><div class=\"tC\"><div class=\"tT\"><\/div><\/div><div class=\"play\"><\/div><div class=\"ctrl\"><div class=\"Lctrl\"><\/div><div class=\"Rctrl\"><\/div><\/div><\/div><noscript><a href=\"https:\/\/youtu.be\/8n0liQ5FCbs\" rel=\"nofollow\"><img loading=\"lazy\" decoding=\"async\" src=\"https:\/\/musiculum.de\/wp-content\/plugins\/wp-youtube-lyte\/lyteCache.php?origThumbUrl=https%3A%2F%2Fi.ytimg.com%2Fvi%2F8n0liQ5FCbs%2F0.jpg\" alt=\"YouTube video thumbnail\" width=\"480\" height=\"340\" \/><br \/>Watch this video on YouTube<\/a><\/noscript><\/div><\/div><div class=\"lL\" style=\"max-width:100%;width:480px;margin:5px;\"><br\/><span class=\"lyte_disclaimer\">Durch das Abspielen werden auf externe Inhalte zugegriffen. Mehr auf unserer <a href=\"https:\/\/musiculum.de\/index.php\/datenschutz\">Datenschutzerkl\u00e4rung<\/a><\/span><\/div><\/div><\/div><div id=\"pgc-2212-13-1\"  class=\"panel-grid-cell\" ><div class=\"panel-widget-style\" >\t\t\t<div class=\"textwidget\"><h4>Video-Dokumentation &#8220;Meereskl\u00e4nge&#8221; \/ Sommerferienprojekt 2020<\/h4>\n<p>Das musiculum hat mit einer Gruppe von 8 Kindern im Alter von 8-12 Jahren in der vorletzten Sommerferienwoche 2020 zum Thema &#8220;Meereskl\u00e4nge&#8221; ein Video gestaltet. Es wurden typische Strand- und Naturger\u00e4usche aufgenommen und im Tonstudio zusammengef\u00fcgt. Eine Video-Dokumentation rundete das Projekt ab.<\/p>\n<p>Projektleitung: Claudius Carstens (Plattenmonster) und Reinhard Conen (musiculum)<\/p>\n<p>Gef\u00f6rdert vom Bundesministerium f\u00fcr Bildung und Forschung sowie Kultur macht stark in Kooperation mit dem Parit\u00e4tischen.<\/p>\n<\/div>\n\t\t<\/div><\/div><\/div><\/div><div id=\"pg-2212-14\"  class=\"panel-grid\" ><div class=\"panel-grid-core\"><div id=\"pgc-2212-14-0\"  class=\"panel-grid-cell\" ><div class=\"panel-widget-style\" ><div class=\"lyte-wrapper fourthree\" style=\"width:480px;max-width:100%;margin:5px;\"><div class=\"lyMe\" id=\"WYL_iPQ3BTxYudc\"><div id=\"lyte_iPQ3BTxYudc\" data-src=\"https:\/\/musiculum.de\/wp-content\/plugins\/wp-youtube-lyte\/lyteCache.php?origThumbUrl=%2F%2Fi.ytimg.com%2Fvi%2FiPQ3BTxYudc%2Fhqdefault.jpg\" class=\"pL\"><div class=\"tC\"><div class=\"tT\"><\/div><\/div><div class=\"play\"><\/div><div class=\"ctrl\"><div class=\"Lctrl\"><\/div><div class=\"Rctrl\"><\/div><\/div><\/div><noscript><a href=\"https:\/\/youtu.be\/iPQ3BTxYudc\" rel=\"nofollow\"><img loading=\"lazy\" decoding=\"async\" src=\"https:\/\/musiculum.de\/wp-content\/plugins\/wp-youtube-lyte\/lyteCache.php?origThumbUrl=https%3A%2F%2Fi.ytimg.com%2Fvi%2FiPQ3BTxYudc%2F0.jpg\" alt=\"YouTube video thumbnail\" width=\"480\" height=\"340\" \/><br \/>Watch this video on YouTube<\/a><\/noscript><\/div><\/div><div class=\"lL\" style=\"max-width:100%;width:480px;margin:5px;\"><br\/><span class=\"lyte_disclaimer\">Durch das Abspielen werden auf externe Inhalte zugegriffen. Mehr auf unserer <a href=\"https:\/\/musiculum.de\/index.php\/datenschutz\">Datenschutzerkl\u00e4rung<\/a><\/span><\/div><\/div><\/div><div id=\"pgc-2212-14-1\"  class=\"panel-grid-cell\" ><div class=\"panel-widget-style\" >\t\t\t<div class=\"textwidget\"><h4>Online-H\u00f6rspiel-Produktion &#8220;Katzenjammer auf der Landstra\u00dfe&#8221;<\/h4>\n<p>Das musiculum hat mit einer Gruppe von 9 Jugendlichen im Alter von 10-13 Jahren in der ersten Sommerferienwoche 2020 ein H\u00f6rspiel entwickelt. Es wurden T\u00f6ne aufgenommen, eine eigene Krimigeschichte geschrieben und anschlie\u00dfend wurde alles im Tonstudio des musiculums zusammengef\u00fcgt. Alle hatten sehr viel Spa\u00df an dem Projekt und das Ergebnis ist auch super geworden!<\/p>\n<p><strong>Sprecher:<\/strong><br \/>\nErz\u00e4hlerin: Christina<br \/>\nFrau Blumberg: Mia<br \/>\nFrau Tulpe: Sebastian<br \/>\nFrau Gouda: Cathrine<br \/>\nDetektive: Marie und Nane<br \/>\nNachbarinnen und Polizisten: Martha und Frida<br \/>\nTitel + Regieassistent: Kai<br \/>\nProjektleitung: Zoe Rode<br \/>\nTontechnik: Reinhard Conen<\/p>\n<\/div>\n\t\t<\/div><\/div><\/div><\/div><div id=\"pg-2212-15\"  class=\"panel-grid\" ><div class=\"panel-grid-core\"><div id=\"pgc-2212-15-0\"  class=\"panel-grid-cell\" ><div class=\"panel-widget-style\" ><div class=\"divider\"><\/div><\/div><\/div><\/div><\/div><div id=\"pg-2212-16\"  class=\"panel-grid\" ><div class=\"panel-grid-core\"><div id=\"pgc-2212-16-0\"  class=\"panel-grid-cell\" ><div class=\"panel-widget-style\" >\t\t\t<div class=\"textwidget\"><h3 id=\"basteln\">Basteln<\/h3>\n<\/div>\n\t\t<\/div><\/div><\/div><\/div><div id=\"pg-2212-17\"  class=\"panel-grid\" ><div class=\"panel-grid-core\"><div id=\"pgc-2212-17-0\"  class=\"panel-grid-cell\" ><div class=\"panel-widget-style\" ><div class=\"lyte-wrapper fourthree\" style=\"width:480px;max-width:100%;margin:5px;\"><div class=\"lyMe\" id=\"WYL_AIMwn42H_EE\"><div id=\"lyte_AIMwn42H_EE\" data-src=\"https:\/\/musiculum.de\/wp-content\/plugins\/wp-youtube-lyte\/lyteCache.php?origThumbUrl=%2F%2Fi.ytimg.com%2Fvi%2FAIMwn42H_EE%2Fhqdefault.jpg\" class=\"pL\"><div class=\"tC\"><div class=\"tT\"><\/div><\/div><div class=\"play\"><\/div><div class=\"ctrl\"><div class=\"Lctrl\"><\/div><div class=\"Rctrl\"><\/div><\/div><\/div><noscript><a href=\"https:\/\/youtu.be\/AIMwn42H_EE\" rel=\"nofollow\"><img loading=\"lazy\" decoding=\"async\" src=\"https:\/\/musiculum.de\/wp-content\/plugins\/wp-youtube-lyte\/lyteCache.php?origThumbUrl=https%3A%2F%2Fi.ytimg.com%2Fvi%2FAIMwn42H_EE%2F0.jpg\" alt=\"YouTube video thumbnail\" width=\"480\" height=\"340\" \/><br \/>Watch this video on YouTube<\/a><\/noscript><\/div><\/div><div class=\"lL\" style=\"max-width:100%;width:480px;margin:5px;\"><br\/><span class=\"lyte_disclaimer\">Durch das Abspielen werden auf externe Inhalte zugegriffen. Mehr auf unserer <a href=\"https:\/\/musiculum.de\/index.php\/datenschutz\">Datenschutzerkl\u00e4rung<\/a><\/span><\/div><\/div><\/div><div id=\"pgc-2212-17-1\"  class=\"panel-grid-cell\" ><div class=\"panel-widget-style\" >\t\t\t<div class=\"textwidget\"><h4>Schellenstab &#8211; bastelt mit!<\/h4>\n<p>Viel Spa\u00df mit unseren ersten Bastelvideos. Ganz einfach und mit wenig Aufwand k\u00f6nnt ihr ein kleines Instrument bauen: den Schellenstab. Was ihr daf\u00fcr braucht und wie ihr vorgeht, erfahrt ihr, wenn ihr euch das Video anschaut.<br \/>\nTeilt eure nachgebastelten Instrumente gerne als Foto \u00fcber info@musiculum.de. Wir freuen uns auf eure kreativen Bilder!<\/p>\n<\/div>\n\t\t<\/div><\/div><\/div><\/div><div id=\"pg-2212-18\"  class=\"panel-grid\" ><div class=\"panel-grid-core\"><div id=\"pgc-2212-18-0\"  class=\"panel-grid-cell\" ><div class=\"panel-widget-style\" ><div class=\"lyte-wrapper fourthree\" style=\"width:480px;max-width:100%;margin:5px;\"><div class=\"lyMe\" id=\"WYL_qE2_r2maW08\"><div id=\"lyte_qE2_r2maW08\" data-src=\"https:\/\/musiculum.de\/wp-content\/plugins\/wp-youtube-lyte\/lyteCache.php?origThumbUrl=%2F%2Fi.ytimg.com%2Fvi%2FqE2_r2maW08%2Fhqdefault.jpg\" class=\"pL\"><div class=\"tC\"><div class=\"tT\"><\/div><\/div><div class=\"play\"><\/div><div class=\"ctrl\"><div class=\"Lctrl\"><\/div><div class=\"Rctrl\"><\/div><\/div><\/div><noscript><a href=\"https:\/\/youtu.be\/qE2_r2maW08\" rel=\"nofollow\"><img loading=\"lazy\" decoding=\"async\" src=\"https:\/\/musiculum.de\/wp-content\/plugins\/wp-youtube-lyte\/lyteCache.php?origThumbUrl=https%3A%2F%2Fi.ytimg.com%2Fvi%2FqE2_r2maW08%2F0.jpg\" alt=\"YouTube video thumbnail\" width=\"480\" height=\"340\" \/><br \/>Watch this video on YouTube<\/a><\/noscript><\/div><\/div><div class=\"lL\" style=\"max-width:100%;width:480px;margin:5px;\"><br\/><span class=\"lyte_disclaimer\">Durch das Abspielen werden auf externe Inhalte zugegriffen. Mehr auf unserer <a href=\"https:\/\/musiculum.de\/index.php\/datenschutz\">Datenschutzerkl\u00e4rung<\/a><\/span><\/div><\/div><\/div><div id=\"pgc-2212-18-1\"  class=\"panel-grid-cell\" ><div class=\"panel-widget-style\" >\t\t\t<div class=\"textwidget\"><h4>Rassel &#8211; bastelt mit!<\/h4>\n<p>Viel Spa\u00df mit unseren ersten Bastelvideos. Ganz einfach und mit wenig Aufwand k\u00f6nnt ihr ein kleines Instrument bauen: eine Rassel. Was ihr daf\u00fcr braucht und wie ihr vorgeht, erfahrt ihr, wenn ihr euch das Video anschaut.<br \/>\nTeilt eure nachgebastelten Instrumente gerne als Foto \u00fcber info@musiculum.de. Wir freuen uns auf eure kreativen Bilder!<\/p>\n<\/div>\n\t\t<\/div><\/div><\/div><\/div><div id=\"pg-2212-19\"  class=\"panel-grid\" ><div class=\"panel-grid-core\"><div id=\"pgc-2212-19-0\"  class=\"panel-grid-cell\" ><div class=\"panel-widget-style\" ><div class=\"lyte-wrapper fourthree\" style=\"width:480px;max-width:100%;margin:5px;\"><div class=\"lyMe\" id=\"WYL_2qUH8N_0JfI\"><div id=\"lyte_2qUH8N_0JfI\" data-src=\"https:\/\/musiculum.de\/wp-content\/plugins\/wp-youtube-lyte\/lyteCache.php?origThumbUrl=%2F%2Fi.ytimg.com%2Fvi%2F2qUH8N_0JfI%2Fhqdefault.jpg\" class=\"pL\"><div class=\"tC\"><div class=\"tT\"><\/div><\/div><div class=\"play\"><\/div><div class=\"ctrl\"><div class=\"Lctrl\"><\/div><div class=\"Rctrl\"><\/div><\/div><\/div><noscript><a href=\"https:\/\/youtu.be\/2qUH8N_0JfI\" rel=\"nofollow\"><img loading=\"lazy\" decoding=\"async\" src=\"https:\/\/musiculum.de\/wp-content\/plugins\/wp-youtube-lyte\/lyteCache.php?origThumbUrl=https%3A%2F%2Fi.ytimg.com%2Fvi%2F2qUH8N_0JfI%2F0.jpg\" alt=\"YouTube video thumbnail\" width=\"480\" height=\"340\" \/><br \/>Watch this video on YouTube<\/a><\/noscript><\/div><\/div><div class=\"lL\" style=\"max-width:100%;width:480px;margin:5px;\"><br\/><span class=\"lyte_disclaimer\">Durch das Abspielen werden auf externe Inhalte zugegriffen. Mehr auf unserer <a href=\"https:\/\/musiculum.de\/index.php\/datenschutz\">Datenschutzerkl\u00e4rung<\/a><\/span><\/div><\/div><\/div><div id=\"pgc-2212-19-1\"  class=\"panel-grid-cell\" ><div class=\"panel-widget-style\" >\t\t\t<div class=\"textwidget\"><h4>Tontopf-Trommel &#8211; bastelt mit!<\/h4>\n<p>Viel Spa\u00df mit unseren ersten Bastelvideos. Ganz einfach und mit wenig Aufwand k\u00f6nnt ihr ein kleines Instrument bauen: eine Tontopf-Trommel. Was ihr daf\u00fcr braucht und wie ihr vorgeht, erfahrt ihr, wenn ihr euch das Video anschaut.<br \/>\nTeilt eure nachgebastelten Instrumente gerne als Foto \u00fcber info@musiculum.de. Wir freuen uns auf eure kreativen Bilder!<\/p>\n<\/div>\n\t\t<\/div><\/div><\/div><\/div><div id=\"pg-2212-20\"  class=\"panel-grid\" ><div class=\"panel-grid-core\"><div id=\"pgc-2212-20-0\"  class=\"panel-grid-cell\" ><div class=\"panel-widget-style\" ><div class=\"divider\"><\/div><\/div><\/div><\/div><\/div><div id=\"pg-2212-21\"  class=\"panel-grid\" ><div class=\"panel-grid-core\"><div id=\"pgc-2212-21-0\"  class=\"panel-grid-cell\" ><div class=\"panel-widget-style\" >\t\t\t<div class=\"textwidget\"><h3 id=\"image\">musiculum und musiculum MOBIL stellen sich vor<\/h3>\n<\/div>\n\t\t<\/div><\/div><\/div><\/div><div id=\"pg-2212-22\"  class=\"panel-grid\" ><div class=\"panel-grid-core\"><div id=\"pgc-2212-22-0\"  class=\"panel-grid-cell\" ><div class=\"panel-widget-style\" ><div class=\"lyte-wrapper fourthree\" style=\"width:480px;max-width:100%;margin:5px;\"><div class=\"lyMe\" id=\"WYL_xEmUa7HF1FI\"><div id=\"lyte_xEmUa7HF1FI\" data-src=\"https:\/\/musiculum.de\/wp-content\/plugins\/wp-youtube-lyte\/lyteCache.php?origThumbUrl=%2F%2Fi.ytimg.com%2Fvi%2FxEmUa7HF1FI%2Fhqdefault.jpg\" class=\"pL\"><div class=\"tC\"><div class=\"tT\"><\/div><\/div><div class=\"play\"><\/div><div class=\"ctrl\"><div class=\"Lctrl\"><\/div><div class=\"Rctrl\"><\/div><\/div><\/div><noscript><a href=\"https:\/\/youtu.be\/xEmUa7HF1FI\" rel=\"nofollow\"><img loading=\"lazy\" decoding=\"async\" src=\"https:\/\/musiculum.de\/wp-content\/plugins\/wp-youtube-lyte\/lyteCache.php?origThumbUrl=https%3A%2F%2Fi.ytimg.com%2Fvi%2FxEmUa7HF1FI%2F0.jpg\" alt=\"YouTube video thumbnail\" width=\"480\" height=\"340\" \/><br \/>Watch this video on YouTube<\/a><\/noscript><\/div><\/div><div class=\"lL\" style=\"max-width:100%;width:480px;margin:5px;\"><br\/><span class=\"lyte_disclaimer\">Durch das Abspielen werden auf externe Inhalte zugegriffen. Mehr auf unserer <a href=\"https:\/\/musiculum.de\/index.php\/datenschutz\">Datenschutzerkl\u00e4rung<\/a><\/span><\/div><\/div><\/div><div id=\"pgc-2212-22-1\"  class=\"panel-grid-cell\" ><div class=\"panel-widget-style\" >\t\t\t<div class=\"textwidget\"><h4>Imagefilm \u2012 musiculum &#8211; Lern- und Experimentierwerkstatt<\/h4>\n<p>Unser Imagefilm aus dem Jahr 2012 gibt Auskunft \u00fcber unsere p\u00e4dagogische Arbeit. Zum Anschauen hier neben diesem Text links auf das Bild klicken.<\/p>\n<p><strong><a href=\"https:\/\/musiculum.de\/index.php\/ueber-uns\/\" rel=\"noopener\">Weiterlesen<\/a><\/strong><\/p>\n<\/div>\n\t\t<\/div><\/div><\/div><\/div><div id=\"pg-2212-23\"  class=\"panel-grid\" ><div class=\"panel-grid-core\"><div id=\"pgc-2212-23-0\"  class=\"panel-grid-cell\" ><div class=\"panel-widget-style\" ><div class=\"lyte-wrapper fourthree\" style=\"width:480px;max-width:100%;margin:5px;\"><div class=\"lyMe\" id=\"WYL_aWKRqj6g0aE\"><div id=\"lyte_aWKRqj6g0aE\" data-src=\"https:\/\/musiculum.de\/wp-content\/plugins\/wp-youtube-lyte\/lyteCache.php?origThumbUrl=%2F%2Fi.ytimg.com%2Fvi%2FaWKRqj6g0aE%2Fhqdefault.jpg\" class=\"pL\"><div class=\"tC\"><div class=\"tT\"><\/div><\/div><div class=\"play\"><\/div><div class=\"ctrl\"><div class=\"Lctrl\"><\/div><div class=\"Rctrl\"><\/div><\/div><\/div><noscript><a href=\"https:\/\/youtu.be\/aWKRqj6g0aE\" rel=\"nofollow\"><img loading=\"lazy\" decoding=\"async\" src=\"https:\/\/musiculum.de\/wp-content\/plugins\/wp-youtube-lyte\/lyteCache.php?origThumbUrl=https%3A%2F%2Fi.ytimg.com%2Fvi%2FaWKRqj6g0aE%2F0.jpg\" alt=\"YouTube video thumbnail\" width=\"480\" height=\"340\" \/><br \/>Watch this video on YouTube<\/a><\/noscript><\/div><\/div><div class=\"lL\" style=\"max-width:100%;width:480px;margin:5px;\"><br\/><span class=\"lyte_disclaimer\">Durch das Abspielen werden auf externe Inhalte zugegriffen. Mehr auf unserer <a href=\"https:\/\/musiculum.de\/index.php\/datenschutz\">Datenschutzerkl\u00e4rung<\/a><\/span><\/div><\/div><\/div><div id=\"pgc-2212-23-1\"  class=\"panel-grid-cell\" ><div class=\"panel-widget-style\" >\t\t\t<div class=\"textwidget\"><h4>Film: musiculum MOBIL \u2012 Unterwegs in ganz SH und dar\u00fcber hinaus<\/h4>\n<p>Endlich ist unser musiculum MOBIL-Film fertig, und wir freuen uns, diesen nun pr\u00e4sentieren zu k\u00f6nnen. Zum Anschauen hier links auf das Bild neben diesem Text klicken.<\/p>\n<p><strong><a href=\"https:\/\/musiculum-mobil.de\/\" rel=\"noopener\">Weiterlesen<\/a><\/strong><\/p>\n<\/div>\n\t\t<\/div><\/div><\/div><\/div>","protected":false},"excerpt":{"rendered":"<p>Material Hier befinden sich Handreichungen und Dokumente \u00fcber unsere Projekte.<\/p>\n","protected":false},"author":2,"featured_media":0,"parent":0,"menu_order":0,"comment_status":"closed","ping_status":"closed","template":"","meta":{"footnotes":""},"categories":[],"tags":[],"class_list":["post-2212","page","type-page","status-publish","hentry"],"yoast_head":"<!-- This site is optimized with the Yoast SEO plugin v27.4 - https:\/\/yoast.com\/product\/yoast-seo-wordpress\/ -->\n<title>Mediathek - musiculum<\/title>\n<meta name=\"robots\" content=\"index, follow, max-snippet:-1, max-image-preview:large, max-video-preview:-1\" \/>\n<link rel=\"canonical\" href=\"https:\/\/musiculum.de\/index.php\/mediathek\/\" \/>\n<meta property=\"og:locale\" content=\"de_DE\" \/>\n<meta property=\"og:type\" content=\"article\" \/>\n<meta property=\"og:title\" content=\"Mediathek - musiculum\" \/>\n<meta property=\"og:description\" content=\"Material Hier befinden sich Handreichungen und Dokumente \u00fcber unsere Projekte.\" \/>\n<meta property=\"og:url\" content=\"https:\/\/musiculum.de\/index.php\/mediathek\/\" \/>\n<meta property=\"og:site_name\" content=\"musiculum\" \/>\n<meta property=\"article:modified_time\" content=\"2025-11-13T07:26:11+00:00\" \/>\n<meta name=\"twitter:card\" content=\"summary_large_image\" \/>\n<meta name=\"twitter:label1\" content=\"Gesch\u00e4tzte Lesezeit\" \/>\n\t<meta name=\"twitter:data1\" content=\"7\u00a0Minuten\" \/>\n<script type=\"application\/ld+json\" class=\"yoast-schema-graph\">{\"@context\":\"https:\\\/\\\/schema.org\",\"@graph\":[{\"@type\":\"WebPage\",\"@id\":\"https:\\\/\\\/musiculum.de\\\/index.php\\\/mediathek\\\/\",\"url\":\"https:\\\/\\\/musiculum.de\\\/index.php\\\/mediathek\\\/\",\"name\":\"Mediathek - musiculum\",\"isPartOf\":{\"@id\":\"https:\\\/\\\/musiculum.de\\\/#website\"},\"datePublished\":\"2020-12-01T10:34:48+00:00\",\"dateModified\":\"2025-11-13T07:26:11+00:00\",\"breadcrumb\":{\"@id\":\"https:\\\/\\\/musiculum.de\\\/index.php\\\/mediathek\\\/#breadcrumb\"},\"inLanguage\":\"de\",\"potentialAction\":[{\"@type\":\"ReadAction\",\"target\":[\"https:\\\/\\\/musiculum.de\\\/index.php\\\/mediathek\\\/\"]}]},{\"@type\":\"BreadcrumbList\",\"@id\":\"https:\\\/\\\/musiculum.de\\\/index.php\\\/mediathek\\\/#breadcrumb\",\"itemListElement\":[{\"@type\":\"ListItem\",\"position\":1,\"name\":\"Startseite\",\"item\":\"https:\\\/\\\/musiculum.de\\\/\"},{\"@type\":\"ListItem\",\"position\":2,\"name\":\"Mediathek\"}]},{\"@type\":\"WebSite\",\"@id\":\"https:\\\/\\\/musiculum.de\\\/#website\",\"url\":\"https:\\\/\\\/musiculum.de\\\/\",\"name\":\"musiculum\",\"description\":\"Lern- und Experimentierwerkstatt f\u00fcr Kinder und Jugendliche\",\"potentialAction\":[{\"@type\":\"SearchAction\",\"target\":{\"@type\":\"EntryPoint\",\"urlTemplate\":\"https:\\\/\\\/musiculum.de\\\/?s={search_term_string}\"},\"query-input\":{\"@type\":\"PropertyValueSpecification\",\"valueRequired\":true,\"valueName\":\"search_term_string\"}}],\"inLanguage\":\"de\"}]}<\/script>\n<!-- \/ Yoast SEO plugin. -->","yoast_head_json":{"title":"Mediathek - musiculum","robots":{"index":"index","follow":"follow","max-snippet":"max-snippet:-1","max-image-preview":"max-image-preview:large","max-video-preview":"max-video-preview:-1"},"canonical":"https:\/\/musiculum.de\/index.php\/mediathek\/","og_locale":"de_DE","og_type":"article","og_title":"Mediathek - musiculum","og_description":"Material Hier befinden sich Handreichungen und Dokumente \u00fcber unsere Projekte.","og_url":"https:\/\/musiculum.de\/index.php\/mediathek\/","og_site_name":"musiculum","article_modified_time":"2025-11-13T07:26:11+00:00","twitter_card":"summary_large_image","twitter_misc":{"Gesch\u00e4tzte Lesezeit":"7\u00a0Minuten"},"schema":{"@context":"https:\/\/schema.org","@graph":[{"@type":"WebPage","@id":"https:\/\/musiculum.de\/index.php\/mediathek\/","url":"https:\/\/musiculum.de\/index.php\/mediathek\/","name":"Mediathek - musiculum","isPartOf":{"@id":"https:\/\/musiculum.de\/#website"},"datePublished":"2020-12-01T10:34:48+00:00","dateModified":"2025-11-13T07:26:11+00:00","breadcrumb":{"@id":"https:\/\/musiculum.de\/index.php\/mediathek\/#breadcrumb"},"inLanguage":"de","potentialAction":[{"@type":"ReadAction","target":["https:\/\/musiculum.de\/index.php\/mediathek\/"]}]},{"@type":"BreadcrumbList","@id":"https:\/\/musiculum.de\/index.php\/mediathek\/#breadcrumb","itemListElement":[{"@type":"ListItem","position":1,"name":"Startseite","item":"https:\/\/musiculum.de\/"},{"@type":"ListItem","position":2,"name":"Mediathek"}]},{"@type":"WebSite","@id":"https:\/\/musiculum.de\/#website","url":"https:\/\/musiculum.de\/","name":"musiculum","description":"Lern- und Experimentierwerkstatt f\u00fcr Kinder und Jugendliche","potentialAction":[{"@type":"SearchAction","target":{"@type":"EntryPoint","urlTemplate":"https:\/\/musiculum.de\/?s={search_term_string}"},"query-input":{"@type":"PropertyValueSpecification","valueRequired":true,"valueName":"search_term_string"}}],"inLanguage":"de"}]}},"_links":{"self":[{"href":"https:\/\/musiculum.de\/index.php\/wp-json\/wp\/v2\/pages\/2212","targetHints":{"allow":["GET"]}}],"collection":[{"href":"https:\/\/musiculum.de\/index.php\/wp-json\/wp\/v2\/pages"}],"about":[{"href":"https:\/\/musiculum.de\/index.php\/wp-json\/wp\/v2\/types\/page"}],"author":[{"embeddable":true,"href":"https:\/\/musiculum.de\/index.php\/wp-json\/wp\/v2\/users\/2"}],"replies":[{"embeddable":true,"href":"https:\/\/musiculum.de\/index.php\/wp-json\/wp\/v2\/comments?post=2212"}],"version-history":[{"count":5,"href":"https:\/\/musiculum.de\/index.php\/wp-json\/wp\/v2\/pages\/2212\/revisions"}],"predecessor-version":[{"id":7038,"href":"https:\/\/musiculum.de\/index.php\/wp-json\/wp\/v2\/pages\/2212\/revisions\/7038"}],"wp:attachment":[{"href":"https:\/\/musiculum.de\/index.php\/wp-json\/wp\/v2\/media?parent=2212"}],"wp:term":[{"taxonomy":"category","embeddable":true,"href":"https:\/\/musiculum.de\/index.php\/wp-json\/wp\/v2\/categories?post=2212"},{"taxonomy":"post_tag","embeddable":true,"href":"https:\/\/musiculum.de\/index.php\/wp-json\/wp\/v2\/tags?post=2212"}],"curies":[{"name":"wp","href":"https:\/\/api.w.org\/{rel}","templated":true}]}}