{"id":160,"date":"2016-06-09T12:53:28","date_gmt":"2016-06-09T10:53:28","guid":{"rendered":"http:\/\/jo12.de\/?page_id=160"},"modified":"2026-03-02T08:47:02","modified_gmt":"2026-03-02T07:47:02","slug":"musiculum-mobil","status":"publish","type":"page","link":"https:\/\/musiculum.de\/index.php\/musiculum-mobil\/","title":{"rendered":"musiculum MOBIL"},"content":{"rendered":"<div id=\"pg-160-0\"  class=\"panel-grid\" ><div class=\"panel-grid-core\"><div id=\"pgc-160-0-0\"  class=\"panel-grid-cell\" ><div class=\"panel-widget-style\" ><!-- <\/div><\/div><\/div><\/div><div id=\"pg-160-1\"  class=\"panel-grid\" ><div class=\"panel-grid-core\"><div id=\"pgc-160-1-0\"  class=\"panel-grid-cell\" ><div class=\"panel-widget-style\" >--><\/div><\/div><\/div><\/div><div id=\"pg-160-2\"  class=\"panel-grid\" ><div class=\"panel-grid-core\"><div id=\"pgc-160-2-0\"  class=\"panel-grid-cell\" ><div class=\"panel-widget-style\" style=\"margin-top: 5px !important;\" ><p style=\"\"><img decoding=\"async\" src=\"https:\/\/musiculum.de\/wp-content\/uploads\/2026\/01\/logo_schriftzug_sparkasse_2020_01.jpg\" alt=\"\" style=\"\" \/><\/p><\/div><\/div><div id=\"pgc-160-2-1\"  class=\"panel-grid-cell\" ><div class=\"panel-widget-style\" ><h2 style=\"font-style: normal;\">Die Bewerbungsphase f\u00fcr die Sparkassen-Aktion 2026 ist beendet!<\/h2><\/div><div class=\"panel-widget-style\" >\t\t\t<div class=\"textwidget\"><p>Die Sparkassen in Schleswig-Holstein vergeben in 2026 wieder kostenlose Eins\u00e4tze sowohl f\u00fcr das musiculum MOBIL Kita als auch f\u00fcr das musiculum MOBIL Schule.<\/p>\n<p>Kitas und Grundschulen konnten sich bis zum 28.02.2026 ausschlie\u00dflich online hier darum bewerben. Die Bewerbungsphase ist jetzt beendet. Eine Jury entscheidet \u00fcber die Vergabe der Eins\u00e4tze. Die Gewinner werden informiert.<\/p>\n<p>Unabh\u00e4ngig davon sind Anmeldungen von Selbstzahlern m\u00f6glich unter:<\/p>\n<p><a href=\"https:\/\/musiculum-mobil.de\/anfrage-kitas-2\"><strong>Selbstzahler musiculum MOBIL Kita<\/strong><\/a><\/p>\n<p><a href=\"https:\/\/musiculum-mobil.de\/anfrage-schulen\"><strong>Selbstzahler musiculum MOBIL Schule<\/strong><\/a><\/p>\n<\/div>\n\t\t<\/div><div class=\"panel-widget-style\" ><div class=\"divider\"><\/div><\/div><\/div><\/div><\/div><div id=\"pg-160-3\"  class=\"panel-grid\" ><div class=\"panel-grid-core\"><div id=\"pgc-160-3-0\"  class=\"panel-grid-cell\" ><div class=\"panel-widget-style\" style=\"margin-top: 5px !important;\" ><p style=\"\"><img decoding=\"async\" src=\"https:\/\/musiculum.de\/wp-content\/uploads\/2025\/02\/musiculum-MOBIL-Schriftzug_01.jpg\" alt=\"\" style=\"\" \/><\/p><\/div><\/div><div id=\"pgc-160-3-1\"  class=\"panel-grid-cell\" ><div class=\"panel-widget-style\" >\t\t\t<div class=\"textwidget\"><p>Neben Eins\u00e4tzen in Kitas und Schulen kann das musiculum MOBIL auch f\u00fcr Festivals, Stra\u00dfenfeste und weitere Veranstaltungen gebucht werden. Ausf\u00fchrlichere Informationen \u00fcber das musiculum MOBIL Kita und das musiculum MOBIL Schule sowie Kontaktformulare f\u00fcr Anfragen sind auf folgender Webseite zu finden:<\/p>\n<p><strong><a href=\"https:\/\/musiculum-mobil.de\" target=\"_blank\" rel=\"noopener\">www.musiculum-mobil.de<\/a><\/strong><\/p>\n<p>&nbsp;<\/p>\n<p>&nbsp;<\/p>\n<\/div>\n\t\t<\/div><\/div><\/div><\/div><div id=\"pg-160-4\"  class=\"panel-grid\" ><div class=\"panel-grid-core\"><div id=\"pgc-160-4-0\"  class=\"panel-grid-cell\" ><div class=\"panel-widget-style\" ><div class=\"divider\"><\/div><\/div><\/div><\/div><\/div><div id=\"pg-160-5\"  class=\"panel-grid\" ><div class=\"panel-grid-core\"><div id=\"pgc-160-5-0\"  class=\"panel-grid-cell\" ><\/div><div id=\"pgc-160-5-1\"  class=\"panel-grid-cell\" ><div class=\"panel-widget-style\" ><h2 style=\"font-style: normal;\">Das musiculum MOBIL Schule (blauer Musik-Bus)<\/h2><\/div><\/div><\/div><\/div><div id=\"pg-160-6\"  class=\"panel-grid\" ><div class=\"panel-grid-core\"><div id=\"pgc-160-6-0\"  class=\"panel-grid-cell\" ><div class=\"panel-widget-style\" style=\"margin-top: 5px !important;\" ><p style=\"\"><img decoding=\"async\" src=\"https:\/\/musiculum.de\/wp-content\/uploads\/2025\/02\/musiculum-logo-schule_02.jpg\" alt=\"\" style=\"\" \/><\/p><\/div><\/div><div id=\"pgc-160-6-1\"  class=\"panel-grid-cell\" ><div class=\"panel-widget-style\" >\t\t\t<div class=\"textwidget\"><p>Aufbauend auf dem gro\u00dfen Erfolg des seit 2017 laufenden Projekts \u201emusiculum MOBIL Kita\u201c gibt es mit dem musiculum MOBIL Schule nun ein \u00e4quivalentes Angebot f\u00fcr Grundschulen. Dieser sorgf\u00e4ltig konzipierte und auf die p\u00e4dagogischen Anspr\u00fcche von Schulen abgestimmte Musik-Bus geht in ganz Schleswig-Holstein auf Tour und hat f\u00fcr 1. und 2. Jahrgangsstufen Instrumente und Klangexponate an Bord. Somit k\u00f6nnen nun auch Grundschulkinder im l\u00e4ndlichen Raum Instrumente und Akustik mit allen Sinnen begreifen und Musik und Klang erleben.<\/p>\n<\/div>\n\t\t<\/div><\/div><\/div><\/div><div id=\"pg-160-7\"  class=\"panel-grid\" ><div class=\"panel-grid-core\"><div id=\"pgc-160-7-0\"  class=\"panel-grid-cell\" ><\/div><div id=\"pgc-160-7-1\"  class=\"panel-grid-cell\" ><div class=\"panel-widget-style\" ><h2 style=\"font-style: normal;\">Das musiculum MOBIL Kita (gelber Musik-Bus)<\/h2><\/div><\/div><\/div><\/div><div id=\"pg-160-8\"  class=\"panel-grid\" ><div class=\"panel-grid-core\"><div id=\"pgc-160-8-0\"  class=\"panel-grid-cell\" ><div class=\"panel-widget-style\" ><p style=\"\"><img decoding=\"async\" src=\"https:\/\/musiculum.de\/wp-content\/uploads\/2017\/06\/musiculum_mobil_logo_02.jpg\" alt=\"\" style=\"\" \/><\/p><\/div><\/div><div id=\"pgc-160-8-1\"  class=\"panel-grid-cell\" ><div class=\"panel-widget-style\" >\t\t\t<div class=\"textwidget\"><p>Das musiculum MOBIL ist ein gro\u00dfer, bunter Transporter, der mit Musikinstrumenten, Spielen und Klangexponaten ausgestattet ist. Es besucht Kindertagesst\u00e4tten in ganz Schleswig-Holstein. Es hat zahlreiche Musikinstrumente aus allen Kontinenten der Welt an Bord, die \u00fcblicherweise nicht in Kindertagesst\u00e4tten vorhanden sind: Trommeln, Geigen, Kontrabass, Reiseharmonium, Klangwiege, Ukulele und viele andere mehr laden zum Anfassen und Ausprobieren ein. Auf diese Weise wird das Konzept des musiculums jetzt auch f\u00fcr Vorschulkinder erlebbar: Instrumente und Akustik werden mit allen Sinnen erlebt. Ziel ist es, das Interesse der Kinder an Musik zu wecken sowie ihre Neugier, Kreativit\u00e4t und Phantasie anzuregen.<\/p>\n<\/div>\n\t\t<\/div><\/div><\/div><\/div><div id=\"pg-160-9\"  class=\"panel-grid\" ><div class=\"panel-grid-core\"><div id=\"pgc-160-9-0\"  class=\"panel-grid-cell\" ><\/div><div id=\"pgc-160-9-1\"  class=\"panel-grid-cell\" ><div class=\"panel-widget-style\" style=\"text-align: center !important;\" ><div class=\"lyte-wrapper fourthree\" style=\"width:480px;max-width:100%;margin:5px;\"><div class=\"lyMe\" id=\"WYL_aWKRqj6g0aE\"><div id=\"lyte_aWKRqj6g0aE\" data-src=\"https:\/\/musiculum.de\/wp-content\/plugins\/wp-youtube-lyte\/lyteCache.php?origThumbUrl=%2F%2Fi.ytimg.com%2Fvi%2FaWKRqj6g0aE%2Fhqdefault.jpg\" class=\"pL\"><div class=\"tC\"><div class=\"tT\"><\/div><\/div><div class=\"play\"><\/div><div class=\"ctrl\"><div class=\"Lctrl\"><\/div><div class=\"Rctrl\"><\/div><\/div><\/div><noscript><a href=\"https:\/\/youtu.be\/aWKRqj6g0aE\" rel=\"nofollow\"><img loading=\"lazy\" decoding=\"async\" src=\"https:\/\/musiculum.de\/wp-content\/plugins\/wp-youtube-lyte\/lyteCache.php?origThumbUrl=https%3A%2F%2Fi.ytimg.com%2Fvi%2FaWKRqj6g0aE%2F0.jpg\" alt=\"YouTube video thumbnail\" width=\"480\" height=\"340\" \/><br \/>Watch this video on YouTube<\/a><\/noscript><\/div><\/div><div class=\"lL\" style=\"max-width:100%;width:480px;margin:5px;\"><br\/><span class=\"lyte_disclaimer\">Durch das Abspielen werden auf externe Inhalte zugegriffen. Mehr auf unserer <a href=\"https:\/\/musiculum.de\/index.php\/datenschutz\">Datenschutzerkl\u00e4rung<\/a><\/span><\/div><\/div><\/div><div id=\"pgc-160-9-2\"  class=\"panel-grid-cell\" ><\/div><\/div><\/div><div id=\"pg-160-10\"  class=\"panel-grid\" ><div class=\"panel-grid-core\"><div id=\"pgc-160-10-0\"  class=\"panel-grid-cell\" ><div class=\"panel-widget-style\" ><p style=\"text-align: center;\"><img decoding=\"async\" src=\"https:\/\/musiculum.de\/wp-content\/uploads\/2017\/03\/S_Sparkasse_Pos_Rot1_01.jpg\" alt=\"\" style=\"\" \/><\/p><\/div><\/div><div id=\"pgc-160-10-1\"  class=\"panel-grid-cell\" ><div class=\"panel-widget-style\" ><p style=\"text-align: center;\"><img decoding=\"async\" src=\"https:\/\/musiculum.de\/wp-content\/uploads\/2017\/03\/jovita_4c_01.jpg\" alt=\"\" style=\"\" \/><\/p><\/div><\/div><\/div><\/div><div id=\"pg-160-11\"  class=\"panel-grid\" ><div class=\"panel-grid-core\"><div id=\"pgc-160-11-0\"  class=\"panel-grid-cell\" ><div class=\"panel-widget-style\" ><div class=\"divider\"><\/div><\/div><\/div><\/div><\/div><div id=\"pg-160-12\"  class=\"panel-grid\" ><div class=\"panel-grid-core\"><div id=\"pgc-160-12-0\"  class=\"panel-grid-cell\" ><div class=\"panel-widget-style\" >\t\t\t<div class=\"textwidget\"><p><strong>Stiftung Jovita<\/strong><\/p>\n<p>Tr\u00e4gerin des musiculum MOBILS ist die Stiftung Jovita. Sie wurde 2002 von Hamburger Kaufleuten gegr\u00fcndet. Ihr Ziel ist die kreative F\u00f6rderung von Kindern und Jugendlichen \u2013 unabh\u00e4ngig vom kulturellen, religi\u00f6sen oder sozialen Hintergrund des Elternhauses. Motivation und ein gest\u00e4rktes Selbstvertrauen stehen dabei ebenso im Zentrum wie Eigeninitiative und Verantwortungsgef\u00fchl. Jovita m\u00f6chte somit die Perspektiven und Zukunftschancen junger Menschen verbessern.<br \/>\nZu ihren Projekten geh\u00f6ren das musiculum in Kiel sowie die gelbe Villa in Berlin (<strong><a href=\"http:\/\/www.die-gelbe-villa.de\" target=\"_blank\" rel=\"noopener\">www.die-gelbe-villa.de<\/a><\/strong>).<\/p>\n<p>Mehr Informationen unter <strong><a href=\"http:\/\/www.stiftung-jovita.org\" target=\"_blank\" rel=\"noopener\">www.stiftung-jovita.org<\/a><\/strong>.<\/p>\n<\/div>\n\t\t<\/div><div class=\"panel-widget-style\" ><\/div><\/div><\/div><\/div>","protected":false},"excerpt":{"rendered":"<p>Die Bewerbungsphase f\u00fcr die Sparkassen-Aktion 2026 ist beendet! Die Sparkassen in Schleswig-Holstein vergeben in 2026 wieder kostenlose Eins\u00e4tze sowohl f\u00fcr das musiculum MOBIL Kita als auch f\u00fcr das musiculum MOBIL Schule. Kitas und Grundschulen konnten sich bis zum 28.02.2026 ausschlie\u00dflich online hier darum bewerben. Die Bewerbungsphase ist jetzt beendet. Eine Jury entscheidet \u00fcber die Vergabe [&hellip;]<\/p>\n","protected":false},"author":2,"featured_media":0,"parent":0,"menu_order":0,"comment_status":"closed","ping_status":"closed","template":"","meta":{"footnotes":""},"categories":[],"tags":[],"class_list":["post-160","page","type-page","status-publish","hentry"],"yoast_head":"<!-- This site is optimized with the Yoast SEO plugin v27.4 - https:\/\/yoast.com\/product\/yoast-seo-wordpress\/ -->\n<title>musiculum MOBIL - musiculum<\/title>\n<meta name=\"robots\" content=\"index, follow, max-snippet:-1, max-image-preview:large, max-video-preview:-1\" \/>\n<link rel=\"canonical\" href=\"https:\/\/musiculum.de\/index.php\/musiculum-mobil\/\" \/>\n<meta property=\"og:locale\" content=\"de_DE\" \/>\n<meta property=\"og:type\" content=\"article\" \/>\n<meta property=\"og:title\" content=\"musiculum MOBIL - musiculum\" \/>\n<meta property=\"og:description\" content=\"Die Bewerbungsphase f\u00fcr die Sparkassen-Aktion 2026 ist beendet! Die Sparkassen in Schleswig-Holstein vergeben in 2026 wieder kostenlose Eins\u00e4tze sowohl f\u00fcr das musiculum MOBIL Kita als auch f\u00fcr das musiculum MOBIL Schule. Kitas und Grundschulen konnten sich bis zum 28.02.2026 ausschlie\u00dflich online hier darum bewerben. Die Bewerbungsphase ist jetzt beendet. Eine Jury entscheidet \u00fcber die Vergabe [&hellip;]\" \/>\n<meta property=\"og:url\" content=\"https:\/\/musiculum.de\/index.php\/musiculum-mobil\/\" \/>\n<meta property=\"og:site_name\" content=\"musiculum\" \/>\n<meta property=\"article:modified_time\" content=\"2026-03-02T07:47:02+00:00\" \/>\n<meta name=\"twitter:card\" content=\"summary_large_image\" \/>\n<meta name=\"twitter:label1\" content=\"Gesch\u00e4tzte Lesezeit\" \/>\n\t<meta name=\"twitter:data1\" content=\"4\u00a0Minuten\" \/>\n<script type=\"application\/ld+json\" class=\"yoast-schema-graph\">{\"@context\":\"https:\\\/\\\/schema.org\",\"@graph\":[{\"@type\":\"WebPage\",\"@id\":\"https:\\\/\\\/musiculum.de\\\/index.php\\\/musiculum-mobil\\\/\",\"url\":\"https:\\\/\\\/musiculum.de\\\/index.php\\\/musiculum-mobil\\\/\",\"name\":\"musiculum MOBIL - musiculum\",\"isPartOf\":{\"@id\":\"https:\\\/\\\/musiculum.de\\\/#website\"},\"datePublished\":\"2016-06-09T10:53:28+00:00\",\"dateModified\":\"2026-03-02T07:47:02+00:00\",\"breadcrumb\":{\"@id\":\"https:\\\/\\\/musiculum.de\\\/index.php\\\/musiculum-mobil\\\/#breadcrumb\"},\"inLanguage\":\"de\",\"potentialAction\":[{\"@type\":\"ReadAction\",\"target\":[\"https:\\\/\\\/musiculum.de\\\/index.php\\\/musiculum-mobil\\\/\"]}]},{\"@type\":\"BreadcrumbList\",\"@id\":\"https:\\\/\\\/musiculum.de\\\/index.php\\\/musiculum-mobil\\\/#breadcrumb\",\"itemListElement\":[{\"@type\":\"ListItem\",\"position\":1,\"name\":\"Startseite\",\"item\":\"https:\\\/\\\/musiculum.de\\\/\"},{\"@type\":\"ListItem\",\"position\":2,\"name\":\"musiculum MOBIL\"}]},{\"@type\":\"WebSite\",\"@id\":\"https:\\\/\\\/musiculum.de\\\/#website\",\"url\":\"https:\\\/\\\/musiculum.de\\\/\",\"name\":\"musiculum\",\"description\":\"Lern- und Experimentierwerkstatt f\u00fcr Kinder und Jugendliche\",\"potentialAction\":[{\"@type\":\"SearchAction\",\"target\":{\"@type\":\"EntryPoint\",\"urlTemplate\":\"https:\\\/\\\/musiculum.de\\\/?s={search_term_string}\"},\"query-input\":{\"@type\":\"PropertyValueSpecification\",\"valueRequired\":true,\"valueName\":\"search_term_string\"}}],\"inLanguage\":\"de\"}]}<\/script>\n<!-- \/ Yoast SEO plugin. -->","yoast_head_json":{"title":"musiculum MOBIL - musiculum","robots":{"index":"index","follow":"follow","max-snippet":"max-snippet:-1","max-image-preview":"max-image-preview:large","max-video-preview":"max-video-preview:-1"},"canonical":"https:\/\/musiculum.de\/index.php\/musiculum-mobil\/","og_locale":"de_DE","og_type":"article","og_title":"musiculum MOBIL - musiculum","og_description":"Die Bewerbungsphase f\u00fcr die Sparkassen-Aktion 2026 ist beendet! Die Sparkassen in Schleswig-Holstein vergeben in 2026 wieder kostenlose Eins\u00e4tze sowohl f\u00fcr das musiculum MOBIL Kita als auch f\u00fcr das musiculum MOBIL Schule. Kitas und Grundschulen konnten sich bis zum 28.02.2026 ausschlie\u00dflich online hier darum bewerben. Die Bewerbungsphase ist jetzt beendet. Eine Jury entscheidet \u00fcber die Vergabe [&hellip;]","og_url":"https:\/\/musiculum.de\/index.php\/musiculum-mobil\/","og_site_name":"musiculum","article_modified_time":"2026-03-02T07:47:02+00:00","twitter_card":"summary_large_image","twitter_misc":{"Gesch\u00e4tzte Lesezeit":"4\u00a0Minuten"},"schema":{"@context":"https:\/\/schema.org","@graph":[{"@type":"WebPage","@id":"https:\/\/musiculum.de\/index.php\/musiculum-mobil\/","url":"https:\/\/musiculum.de\/index.php\/musiculum-mobil\/","name":"musiculum MOBIL - musiculum","isPartOf":{"@id":"https:\/\/musiculum.de\/#website"},"datePublished":"2016-06-09T10:53:28+00:00","dateModified":"2026-03-02T07:47:02+00:00","breadcrumb":{"@id":"https:\/\/musiculum.de\/index.php\/musiculum-mobil\/#breadcrumb"},"inLanguage":"de","potentialAction":[{"@type":"ReadAction","target":["https:\/\/musiculum.de\/index.php\/musiculum-mobil\/"]}]},{"@type":"BreadcrumbList","@id":"https:\/\/musiculum.de\/index.php\/musiculum-mobil\/#breadcrumb","itemListElement":[{"@type":"ListItem","position":1,"name":"Startseite","item":"https:\/\/musiculum.de\/"},{"@type":"ListItem","position":2,"name":"musiculum MOBIL"}]},{"@type":"WebSite","@id":"https:\/\/musiculum.de\/#website","url":"https:\/\/musiculum.de\/","name":"musiculum","description":"Lern- und Experimentierwerkstatt f\u00fcr Kinder und Jugendliche","potentialAction":[{"@type":"SearchAction","target":{"@type":"EntryPoint","urlTemplate":"https:\/\/musiculum.de\/?s={search_term_string}"},"query-input":{"@type":"PropertyValueSpecification","valueRequired":true,"valueName":"search_term_string"}}],"inLanguage":"de"}]}},"_links":{"self":[{"href":"https:\/\/musiculum.de\/index.php\/wp-json\/wp\/v2\/pages\/160","targetHints":{"allow":["GET"]}}],"collection":[{"href":"https:\/\/musiculum.de\/index.php\/wp-json\/wp\/v2\/pages"}],"about":[{"href":"https:\/\/musiculum.de\/index.php\/wp-json\/wp\/v2\/types\/page"}],"author":[{"embeddable":true,"href":"https:\/\/musiculum.de\/index.php\/wp-json\/wp\/v2\/users\/2"}],"replies":[{"embeddable":true,"href":"https:\/\/musiculum.de\/index.php\/wp-json\/wp\/v2\/comments?post=160"}],"version-history":[{"count":5,"href":"https:\/\/musiculum.de\/index.php\/wp-json\/wp\/v2\/pages\/160\/revisions"}],"predecessor-version":[{"id":7248,"href":"https:\/\/musiculum.de\/index.php\/wp-json\/wp\/v2\/pages\/160\/revisions\/7248"}],"wp:attachment":[{"href":"https:\/\/musiculum.de\/index.php\/wp-json\/wp\/v2\/media?parent=160"}],"wp:term":[{"taxonomy":"category","embeddable":true,"href":"https:\/\/musiculum.de\/index.php\/wp-json\/wp\/v2\/categories?post=160"},{"taxonomy":"post_tag","embeddable":true,"href":"https:\/\/musiculum.de\/index.php\/wp-json\/wp\/v2\/tags?post=160"}],"curies":[{"name":"wp","href":"https:\/\/api.w.org\/{rel}","templated":true}]}}